{"id":402,"date":"2021-06-01T10:13:36","date_gmt":"2021-06-01T08:13:36","guid":{"rendered":"http:\/\/www.groupe-centrale.com\/?page_id=402"},"modified":"2026-01-05T18:52:49","modified_gmt":"2026-01-05T17:52:49","slug":"concours-universitaire","status":"publish","type":"page","link":"https:\/\/www.groupe-centrale.com\/en\/concours-universitaire\/","title":{"rendered":"Concours Universitaire"},"content":{"rendered":"<h1 class=\"wp-block-heading\">Qu&#8217;est-ce que le concours universitaire des \u00c9coles Centrale ?<\/h1>\n\n\n\n<p class=\"has-text-align-left\">C&#8217;est un concours qui s\u2019adresse aux \u00e9tudiants en derni\u00e8re ann\u00e9e de Licence ou d\u2019un cursus Bachelor conf\u00e9rant grade de Licence et qui souhaitent int\u00e9grer l&#8217;une des 6 \u00c9coles Centrale que sont CentraleSup\u00e9lec, Centrale Lyon, Centrale Nantes, Centrale Lille, Centrale M\u00e9diterran\u00e9e, et Centrale Casablanca.<\/p>\n\n\n\n<p class=\"has-text-align-left\">Ce concours se d\u00e9compose en cinq dominantes : Math\u00e9matiques ; Physique ; M\u00e9canique et g\u00e9nie civil ; \u00c9lectronique, \u00e9nergie \u00e9lectrique, automatique (EEA) ; Informatique.<\/p>\n\n\n\n<p class=\"has-text-align-left\">Les candidats choisissent la dominante \u00e0 laquelle ils veulent se pr\u00e9senter en prenant soin de s\u2019assurer qu\u2019ils remplissent les conditions requises pour s\u2019inscrire et \u00e9tablissent une liste de v\u0153ux des \u00e9coles qu\u2019ils souhaitent int\u00e9grer.<\/p>\n\n\n\n<p>La notice du concours se trouve <a href=\"http:\/\/www.groupe-centrale.com\/wp-content\/uploads\/2026\/01\/Notice-concours-CUEC-2026.pdf\">ici<\/a>.<\/p>\n\n\n\n<p><a href=\"http:\/\/www.groupe-centrale.com\/wp-content\/uploads\/2026\/01\/Programmes-des-epreuves-de-la-dominante-EEA-du-Concours-Universitaire-des-Ecoles-Centrale-2026.pdf\">Programmes des \u00e9preuves de la dominante EEA du Concours Universitaire des \u00c9coles Centrale 2026<\/a><\/p>\n\n\n\n<p><a href=\"http:\/\/www.groupe-centrale.com\/wp-content\/uploads\/2026\/01\/Programmes-des-epreuves-de-la-dominante-Informatique-du-Concours-Universitaire-des-Ecoles-Centrale-2026.pdf\">Programmes des \u00e9preuves de la dominante Informatique du Concours Universitaire des \u00c9coles Centrale 2026<\/a><\/p>\n\n\n\n<p><a href=\"http:\/\/www.groupe-centrale.com\/wp-content\/uploads\/2026\/01\/Programmes-des-epreuves-de-la-dominante-Mathematiques-du-Concours-Universitaire-des-Ecoles-Centrale-2026.pdf\">Programmes des \u00e9preuves de la dominante Math\u00e9matiques du Concours Universitaire des \u00c9coles Centrale 2026<\/a><\/p>\n\n\n\n<p><a href=\"http:\/\/www.groupe-centrale.com\/wp-content\/uploads\/2026\/01\/Programmes-des-epreuves-de-la-dominante-Mecanique-et-Genie-Civil-du-Concours-Universitaire-des-Ecoles-Centrale-2026.pdf\">Programmes des \u00e9preuves de la dominante M\u00e9canique et G\u00e9nie Civil du Concours Universitaire des \u00c9coles Centrale 2026<\/a><\/p>\n\n\n\n<p><a href=\"http:\/\/www.groupe-centrale.com\/wp-content\/uploads\/2026\/01\/Programmes-des-epreuves-de-la-dominante-Physique-du-Concours-Universitaire-des-Ecoles-Centrale-2026.pdf\">Programmes des \u00e9preuves de la dominante Physique du Concours Universitaire des \u00c9coles Centrale 2026<\/a><\/p>\n\n\n\n<p><a href=\"http:\/\/www.groupe-centrale.com\/wp-content\/uploads\/2026\/01\/Rapport-sur-les-epreuves-de-la-dominante-EEA-du-Concours-Universitaire-des-Ecoles-Centrale-2025.pdf\">Rapport sur les \u00e9preuves de la dominante EEA du Concours Universitaire des \u00c9coles Centrale 2025<\/a><\/p>\n\n\n\n<p><a href=\"http:\/\/www.groupe-centrale.com\/wp-content\/uploads\/2026\/01\/Rapport-sur-les-epreuves-de-la-dominante-Informatique-du-Concours-Universitaire-des-Ecoles-Centrale-2025.pdf\">Rapport sur les \u00e9preuves de la dominante Informatique du Concours Universitaire des \u00c9coles Centrale 2025<\/a><\/p>\n\n\n\n<p><a href=\"http:\/\/www.groupe-centrale.com\/wp-content\/uploads\/2026\/01\/Rapport-sur-les-epreuves-de-la-dominante-Mathematiques-du-Concours-Universitaire-des-Ecoles-Centrale-2025.pdf\">Rapport sur les \u00e9preuves de la dominante Math\u00e9matiques du Concours Universitaire des \u00c9coles Centrale 2025<\/a><\/p>\n\n\n\n<p><a href=\"http:\/\/www.groupe-centrale.com\/wp-content\/uploads\/2026\/01\/Rapport-sur-les-epreuves-de-la-dominante-Mecanique-et-Genie-Civil-du-Concours-Universitaire-des-Ecoles-Centrale-2025.pdf\">Rapport sur les \u00e9preuves de la dominante M\u00e9canique et G\u00e9nie Civil du Concours Universitaire des \u00c9coles Centrale 2025<\/a><\/p>\n\n\n\n<p><a href=\"http:\/\/www.groupe-centrale.com\/wp-content\/uploads\/2026\/01\/Rapport-sur-les-epreuves-de-la-dominante-Physique-du-Concours-Universitaire-des-Ecoles-Centrale-2025.pdf\">Rapport sur les \u00e9preuves de la dominante Physique du Concours Universitaire des \u00c9coles Centrale 2025<\/a><\/p>\n\n\n\n<h1 class=\"wp-block-heading\">Nombre de places<\/h1>\n\n\n\n<p>Le nombre de places indiqu\u00e9 ci-dessous est indicatif, les candidats sont admis dans les \u00e9coles dans les conditions fix\u00e9es par chacune d\u2019elles.<\/p>\n\n\n\n<figure class=\"wp-block-image size-large\"><img loading=\"lazy\" decoding=\"async\" width=\"1024\" height=\"584\" src=\"https:\/\/www.groupe-centrale.com\/wp-content\/uploads\/2026\/01\/image-1024x584.png\" alt=\"\" class=\"wp-image-2284\" srcset=\"https:\/\/www.groupe-centrale.com\/wp-content\/uploads\/2026\/01\/image-1024x584.png 1024w, https:\/\/www.groupe-centrale.com\/wp-content\/uploads\/2026\/01\/image-300x171.png 300w, https:\/\/www.groupe-centrale.com\/wp-content\/uploads\/2026\/01\/image-768x438.png 768w, https:\/\/www.groupe-centrale.com\/wp-content\/uploads\/2026\/01\/image-18x10.png 18w, https:\/\/www.groupe-centrale.com\/wp-content\/uploads\/2026\/01\/image.png 1107w\" sizes=\"auto, (max-width: 767px) 89vw, (max-width: 1000px) 54vw, (max-width: 1071px) 543px, 580px\" \/><\/figure>\n\n\n\n<p>En outre, en fonction du cursus qu\u2019elle propose, chaque \u00c9cole, d\u00e9cide des dominantes sur lesquelles elle admet les candidats. Le d\u00e9tail est donn\u00e9 dans le tableau ci-dessous.<\/p>\n\n\n\n<figure class=\"wp-block-image size-large\"><img loading=\"lazy\" decoding=\"async\" width=\"1024\" height=\"398\" src=\"https:\/\/www.groupe-centrale.com\/wp-content\/uploads\/2026\/01\/image-1-1024x398.png\" alt=\"\" class=\"wp-image-2285\" srcset=\"https:\/\/www.groupe-centrale.com\/wp-content\/uploads\/2026\/01\/image-1-1024x398.png 1024w, https:\/\/www.groupe-centrale.com\/wp-content\/uploads\/2026\/01\/image-1-300x117.png 300w, https:\/\/www.groupe-centrale.com\/wp-content\/uploads\/2026\/01\/image-1-768x298.png 768w, https:\/\/www.groupe-centrale.com\/wp-content\/uploads\/2026\/01\/image-1-18x7.png 18w, https:\/\/www.groupe-centrale.com\/wp-content\/uploads\/2026\/01\/image-1.png 1035w\" sizes=\"auto, (max-width: 767px) 89vw, (max-width: 1000px) 54vw, (max-width: 1071px) 543px, 580px\" \/><\/figure>\n\n\n\n<p>Les candidats doivent \u00eatre titulaires du grade de Licence pour les pays ayant adopt\u00e9 le syst\u00e8me LMD ou d\u2019un bachelor conf\u00e9rant grade de Licence. Les candidats pr\u00e9parant le grade requis peuvent candidater pendant leur derni\u00e8re ann\u00e9e de formation. L\u2019int\u00e9gration<br>d\u00e9finitive dans l\u2019une des \u00e9coles est subordonn\u00e9e \u00e0 l\u2019obtention, au plus tard l\u2019ann\u00e9e de<br>proposition d\u2019int\u00e9gration, du grade de Licence.<\/p>\n\n\n\n<p>En outre, les candidats ne doivent pas :<\/p>\n\n\n\n<ul class=\"wp-block-list\">\n<li>avoir d\u00e9j\u00e0 pr\u00e9sent\u00e9 ce concours quelle que soit la voie choisie,<\/li>\n\n\n\n<li>avoir \u00e9t\u00e9 inscrits en deuxi\u00e8me ann\u00e9e de CPGE dans l\u2019une des fili\u00e8res donnant acc\u00e8s par concours aux \u00e9coles du Groupe des \u00c9coles Centrale (BCPST, MP, MPI, PC, PSI, PT et TSI),<\/li>\n\n\n\n<li>avoir \u00e9t\u00e9 inscrits en deuxi\u00e8me ann\u00e9e de cycle pr\u00e9paratoire int\u00e9gr\u00e9 ou en cycle ing\u00e9nieur,<\/li>\n\n\n\n<li>avoir \u00e9t\u00e9 inscrits en CPGE ATS,<\/li>\n\n\n\n<li>avoir \u00e9t\u00e9 inscrits en master ou en doctorat.<\/li>\n<\/ul>\n\n\n\n<h1 class=\"wp-block-heading\">Modalit\u00e9s d\u2019inscription<\/h1>\n\n\n\n<p>L\u2019inscription se fait sur <a href=\"https:\/\/mondossier.scei-concours.fr\/PreInscription\/authentificationCandidat?tut_cod=22\" target=\"_blank\" rel=\"noreferrer noopener\">ce portail du site du SCEI. <\/a><\/p>\n\n\n\n<figure class=\"wp-block-table\"><table><tbody><tr><td>06\/01\/2026<\/td><td>Ouverture des inscriptions<\/td><\/tr><tr><td>19\/02\/2026<\/td><td>Cl\u00f4ture des inscriptions \u00e0 17h00<\/td><\/tr><\/tbody><\/table><\/figure>\n\n\n\n<p>Les candidats doivent imp\u00e9rativement s\u2019inscrire en ligne, y renseigner leurs moyennes annuelles et du semestre en cours, et d\u00e9poser sur le site une copie num\u00e9rique des documents demand\u00e9s, y compris les dossiers de demande d\u2019am\u00e9nagement d\u2019\u00e9preuves. Les documents papier ne seront pas pris en compte.<\/p>\n\n\n\n<p>En fonction de leur parcours acad\u00e9mique, les candidats inscrits devront choisir une dominante du concours telles que list\u00e9es dans le tableau suivant. Ils pourront faire le choix de candidater sous statut d\u2019apprenti.<\/p>\n\n\n\n<p>Au moment de la candidature les candidats doivent \u00e9galement classer les \u00e9coles qu\u2019ils<br>souhaitent int\u00e9grer \u00e0 <a href=\"https:\/\/mondossier.scei-concours.fr\/IntegrationCandidat\/authentificationCandidat?tut_cod=22\">cette adresse<\/a>. Ces voeux peuvent \u00eatre modifi\u00e9s jusqu&#8217;au 5 avril 2026.<\/p>\n\n\n\n<p><strong>Un candidat ne formulant pas de voeux ne pourra pas \u00eatre class\u00e9 et donc int\u00e9grer une \u00e9cole. <\/strong><\/p>\n\n\n\n<p><strong>Les candidats renoncent \u00e0 l\u2019int\u00e9gration dans toute \u00e9cole non class\u00e9e dans leur liste de v\u0153ux.<\/strong><\/p>\n\n\n\n<p><\/p>\n\n\n\n<figure class=\"wp-block-table is-style-regular\"><table><thead><tr><th class=\"has-text-align-center\" data-align=\"center\">                                                                                         Dominantes<\/th><\/tr><\/thead><tbody><tr><td class=\"has-text-align-center\" data-align=\"center\">Math\u00e9matiques<\/td><\/tr><tr><td class=\"has-text-align-center\" data-align=\"center\">Physique<\/td><\/tr><tr><td class=\"has-text-align-center\" data-align=\"center\">M\u00e9canique et g\u00e9nie civil <\/td><\/tr><tr><td class=\"has-text-align-center\" data-align=\"center\">Electronique, \u00e9nergie \u00e9lectrique, automatique<\/td><\/tr><tr><td class=\"has-text-align-center\" data-align=\"center\">informatique<\/td><\/tr><\/tbody><\/table><\/figure>\n\n\n\n<p><strong>Aucune inscription <\/strong> <strong>ne sera accept\u00e9e apr\u00e8s le 19 f\u00e9vrier 2026 \u00e0 17h.<\/strong><\/p>\n\n\n\n<p><strong>Aucun ajout ou suppression d\u2019\u00e9coles en banque ne sera accept\u00e9 apr\u00e8s le 19 f\u00e9vrier 2026 \u00e0 17h.<br>Aucune candidature ne sera retenue si elle n\u2019a pas fait l\u2019objet d\u2019une inscription sur le site internet<\/strong>.<\/p>\n\n\n\n<h1 class=\"wp-block-heading\">Montant des frais de dossier et frais d\u2019inscription<\/h1>\n\n\n\n<h2 class=\"wp-block-heading\">Toute renonciation ou d\u00e9mission, quel qu\u2019en soit le motif, n\u2019annule pas l\u2019inscription. Les frais de dossier restent acquis.<\/h2>\n\n\n\n<p>Les frais de concours se d\u00e9composent en deux parties : les frais d\u2019inscription \u00e0 acquitter au moment de l\u2019inscription et, pour les candidats admissibles les frais d\u2019\u00e9preuves<br>\u00e0 acquitter au plus tard une semaine avant la date de d\u00e9but des \u00e9preuves, c\u2019est-\u00e0-dire<br>jusqu\u2019au 12 avril 2026. Les frais d\u2019inscription s\u2019\u00e9l\u00e8vent \u00e0 120 euros et les frais d\u2019\u00e9preuves \u00e0<br>200 euros. Les admissibles qui ne sont pas en r\u00e8gle seront consid\u00e9r\u00e9s comme d\u00e9missionnaires.<br>Les candidats pupilles de la nation, boursiers de l\u2019enseignement sup\u00e9rieur ou du gouvernement fran\u00e7ais sont exon\u00e9r\u00e9s de l\u2019ensemble des frais sur pr\u00e9sentation des documents justificatifs.<\/p>\n\n\n\n<p class=\"has-medium-font-size\"><strong>Admissibilit\u00e9<\/strong><strong><\/strong><\/p>\n\n\n\n<p>Un score est calcul\u00e9 pour chaque candidat en fonction des r\u00e9sultats qu\u2019il a obtenus dans<br>sa fili\u00e8re d\u2019origine.<br>Sont d\u00e9clar\u00e9s admissibles au concours les candidats qui ont obtenu un nombre de points<br>sup\u00e9rieur ou \u00e9gal au nombre de points fix\u00e9 par le jury comme limite d\u2019admissibilit\u00e9.<br>Les candidats d\u00e9clar\u00e9s admissibles seront pr\u00e9venus par message \u00e9lectronique et seront<br>convoqu\u00e9s \u00e0 passer des \u00e9preuves. Les candidats d\u00e9clar\u00e9s admissibles souhaitant<br>participer aux \u00e9preuves doivent s\u2019acquitter des frais d\u2019\u00e9preuves au plus tard<br>12 avril 2026.<\/p>\n\n\n\n<p><strong>Les \u00e9preuves se d\u00e9roulent du 20 avril 2026 au 24 avril 2026.<\/strong><\/p>\n\n\n\n<figure class=\"wp-block-image size-full\"><img loading=\"lazy\" decoding=\"async\" width=\"984\" height=\"384\" src=\"https:\/\/www.groupe-centrale.com\/wp-content\/uploads\/2026\/01\/image-2.png\" alt=\"\" class=\"wp-image-2300\" srcset=\"https:\/\/www.groupe-centrale.com\/wp-content\/uploads\/2026\/01\/image-2.png 984w, https:\/\/www.groupe-centrale.com\/wp-content\/uploads\/2026\/01\/image-2-300x117.png 300w, https:\/\/www.groupe-centrale.com\/wp-content\/uploads\/2026\/01\/image-2-768x300.png 768w, https:\/\/www.groupe-centrale.com\/wp-content\/uploads\/2026\/01\/image-2-18x7.png 18w\" sizes=\"auto, (max-width: 767px) 89vw, (max-width: 1000px) 54vw, (max-width: 1071px) 543px, 580px\" \/><\/figure>\n\n\n\n<p>Pour chaque \u00e9preuve, la dur\u00e9e d\u2019interrogation est de 30 minutes, sans pr\u00e9paration. Les \u00e9preuves not\u00e9es 1, 2 et 3 se d\u00e9roulent sur le campus de Paris-Saclay. L\u2019\u00e9preuve d\u2019entretien ainsi que l\u2019\u00e9preuve d\u2019anglais se d\u00e9roulent \u00e0 distance.<\/p>\n\n\n\n<h1 class=\"wp-block-heading\">R\u00e9sultats<\/h1>\n\n\n\n<p class=\"has-text-align-left\">Les candidats absents \u00e0 au moins une \u00e9preuve orale seront \u00e9limin\u00e9s. \u00c0 l\u2019issue des<br>\u00e9preuves les candidats sont class\u00e9s par ordre d\u00e9croissant du total de points en additionnant les notes obtenues aux \u00e9preuves orales affect\u00e9es de coefficients.<\/p>\n\n\n\n<p>Si plusieurs candidats sont cr\u00e9dit\u00e9s du m\u00eame total de points, ils sont d\u00e9partag\u00e9s et<br>class\u00e9s par par ordre croissant d\u2019\u00e2ge.<\/p>\n\n\n\n<p><\/p>","protected":false},"excerpt":{"rendered":"<p>Qu&#8217;est-ce que le concours universitaire des \u00c9coles Centrale ? C&#8217;est un concours qui s\u2019adresse aux \u00e9tudiants en derni\u00e8re ann\u00e9e de Licence ou d\u2019un cursus Bachelor conf\u00e9rant grade de Licence et qui souhaitent int\u00e9grer l&#8217;une des 6 \u00c9coles Centrale que sont CentraleSup\u00e9lec, Centrale Lyon, Centrale Nantes, Centrale Lille, Centrale M\u00e9diterran\u00e9e, et Centrale Casablanca. Ce concours se &hellip; <\/p>\n<p class=\"link-more\"><a href=\"https:\/\/www.groupe-centrale.com\/en\/concours-universitaire\/\" class=\"more-link\">Continue reading<span class=\"screen-reader-text\"> &#8220;Concours Universitaire&#8221;<\/span><\/a><\/p>","protected":false},"author":11,"featured_media":0,"parent":0,"menu_order":0,"comment_status":"closed","ping_status":"closed","template":"","meta":{"footnotes":""},"class_list":["post-402","page","type-page","status-publish","hentry"],"_links":{"self":[{"href":"https:\/\/www.groupe-centrale.com\/en\/wp-json\/wp\/v2\/pages\/402","targetHints":{"allow":["GET"]}}],"collection":[{"href":"https:\/\/www.groupe-centrale.com\/en\/wp-json\/wp\/v2\/pages"}],"about":[{"href":"https:\/\/www.groupe-centrale.com\/en\/wp-json\/wp\/v2\/types\/page"}],"author":[{"embeddable":true,"href":"https:\/\/www.groupe-centrale.com\/en\/wp-json\/wp\/v2\/users\/11"}],"replies":[{"embeddable":true,"href":"https:\/\/www.groupe-centrale.com\/en\/wp-json\/wp\/v2\/comments?post=402"}],"version-history":[{"count":152,"href":"https:\/\/www.groupe-centrale.com\/en\/wp-json\/wp\/v2\/pages\/402\/revisions"}],"predecessor-version":[{"id":2308,"href":"https:\/\/www.groupe-centrale.com\/en\/wp-json\/wp\/v2\/pages\/402\/revisions\/2308"}],"wp:attachment":[{"href":"https:\/\/www.groupe-centrale.com\/en\/wp-json\/wp\/v2\/media?parent=402"}],"curies":[{"name":"wp","href":"https:\/\/api.w.org\/{rel}","templated":true}]}}